{"id":372,"date":"2022-05-27T17:20:08","date_gmt":"2022-05-27T15:20:08","guid":{"rendered":"https:\/\/artsfestival.vinaros.es\/espectacles\/maria-del-mar-bonet-i-borja-penalba\/"},"modified":"2022-06-20T11:14:27","modified_gmt":"2022-06-20T09:14:27","slug":"maria-del-mar-bonet-i-borja-penalba","status":"publish","type":"esdeveniments","link":"https:\/\/artsfestival.vinaros.es\/es\/espectaculos\/maria-del-mar-bonet-i-borja-penalba\/","title":{"rendered":"Maria del Mar Bonet i Borja Penalba"},"content":{"rendered":"\n<p>Con m\u00e1s de cincuenta a\u00f1os en los escenarios, la cantautora mallorquina Maria de Mar Bonet nos presenta un \u00e1lbum testigo, por fin, de su f\u00e9rtil entendimiento con la guitarra y la voz del m\u00fasico valenciano Borja Penalba.<\/p>\n\n<p>\u201cMaria del Mar Bonet con Borja Penalba\u201d es la producci\u00f3n conjunta de estos dos m\u00fasicos, resultando de los conciertos que han ofrecido durante estos \u00faltimos a\u00f1os. El disco, grabado en directo en los recitales del Teatro Micalet de Valencia el septiembre pasado, captura una Mar\u00eda del Mar Bonet en plenitud y en reencuentro de su fondo como trovadora asociando una vez m\u00e1s en Valencia con el tiempo de luz y primavera. <\/p>\n\n<p>Populares canciones de Maria del Mar junto a Borja Penalba y la indispensable aportaci\u00f3n del vers\u00e1til percusionista Antonio S\u00e1nchez, brindan una propuesta compenetrada, espl\u00e9ndida y singular.<\/p>\n","protected":false},"excerpt":{"rendered":"<p>Con m\u00e1s de cincuenta a\u00f1os en los escenarios, la cantautora mallorquina Maria de Mar Bonet nos [&hellip;]<\/p>\n","protected":false},"author":2,"featured_media":320,"menu_order":0,"template":"","format":"standard","meta":{"inline_featured_image":false,"footnotes":""},"tipus":[],"disponibilitat":[14],"acf":[],"yoast_head":"<!-- This site is optimized with the Yoast SEO plugin v22.6 - https:\/\/yoast.com\/wordpress\/plugins\/seo\/ -->\n<title>Maria del Mar Bonet i Borja Penalba - Vinar\u00f2s Arts Festival<\/title>\n<meta name=\"robots\" content=\"index, follow, max-snippet:-1, max-image-preview:large, max-video-preview:-1\" \/>\n<link rel=\"canonical\" href=\"https:\/\/artsfestival.vinaros.es\/es\/espectaculos\/maria-del-mar-bonet-i-borja-penalba\/\" \/>\n<meta property=\"og:locale\" content=\"es_ES\" \/>\n<meta property=\"og:type\" content=\"article\" \/>\n<meta property=\"og:title\" content=\"Maria del Mar Bonet i Borja Penalba - Vinar\u00f2s Arts Festival\" \/>\n<meta property=\"og:description\" content=\"Con m\u00e1s de cincuenta a\u00f1os en los escenarios, la cantautora mallorquina Maria de Mar Bonet nos [&hellip;]\" \/>\n<meta property=\"og:url\" content=\"https:\/\/artsfestival.vinaros.es\/es\/espectaculos\/maria-del-mar-bonet-i-borja-penalba\/\" \/>\n<meta property=\"og:site_name\" content=\"Vinar\u00f2s Arts Festival\" \/>\n<meta property=\"article:modified_time\" content=\"2022-06-20T09:14:27+00:00\" \/>\n<meta property=\"og:image\" content=\"https:\/\/artsfestival.vinaros.es\/wp-content\/uploads\/2022\/05\/vinaros-arts-festival-maria-del-mar-bonet-i-borja-penalba.jpeg\" \/>\n\t<meta property=\"og:image:width\" content=\"1200\" \/>\n\t<meta property=\"og:image:height\" content=\"675\" \/>\n\t<meta property=\"og:image:type\" content=\"image\/jpeg\" \/>\n<meta name=\"twitter:card\" content=\"summary_large_image\" \/>\n<meta name=\"twitter:label1\" content=\"Tiempo de lectura\" \/>\n\t<meta name=\"twitter:data1\" content=\"1 minuto\" \/>\n<script type=\"application\/ld+json\" class=\"yoast-schema-graph\">{\"@context\":\"https:\/\/schema.org\",\"@graph\":[{\"@type\":\"WebPage\",\"@id\":\"https:\/\/artsfestival.vinaros.es\/es\/espectaculos\/maria-del-mar-bonet-i-borja-penalba\/\",\"url\":\"https:\/\/artsfestival.vinaros.es\/es\/espectaculos\/maria-del-mar-bonet-i-borja-penalba\/\",\"name\":\"Maria del Mar Bonet i Borja Penalba - Vinar\u00f2s Arts Festival\",\"isPartOf\":{\"@id\":\"https:\/\/artsfestival.vinaros.es\/es\/#website\"},\"primaryImageOfPage\":{\"@id\":\"https:\/\/artsfestival.vinaros.es\/es\/espectaculos\/maria-del-mar-bonet-i-borja-penalba\/#primaryimage\"},\"image\":{\"@id\":\"https:\/\/artsfestival.vinaros.es\/es\/espectaculos\/maria-del-mar-bonet-i-borja-penalba\/#primaryimage\"},\"thumbnailUrl\":\"https:\/\/artsfestival.vinaros.es\/wp-content\/uploads\/2022\/05\/vinaros-arts-festival-maria-del-mar-bonet-i-borja-penalba.jpeg\",\"datePublished\":\"2022-05-27T15:20:08+00:00\",\"dateModified\":\"2022-06-20T09:14:27+00:00\",\"breadcrumb\":{\"@id\":\"https:\/\/artsfestival.vinaros.es\/es\/espectaculos\/maria-del-mar-bonet-i-borja-penalba\/#breadcrumb\"},\"inLanguage\":\"es\",\"potentialAction\":[{\"@type\":\"ReadAction\",\"target\":[\"https:\/\/artsfestival.vinaros.es\/es\/espectaculos\/maria-del-mar-bonet-i-borja-penalba\/\"]}]},{\"@type\":\"ImageObject\",\"inLanguage\":\"es\",\"@id\":\"https:\/\/artsfestival.vinaros.es\/es\/espectaculos\/maria-del-mar-bonet-i-borja-penalba\/#primaryimage\",\"url\":\"https:\/\/artsfestival.vinaros.es\/wp-content\/uploads\/2022\/05\/vinaros-arts-festival-maria-del-mar-bonet-i-borja-penalba.jpeg\",\"contentUrl\":\"https:\/\/artsfestival.vinaros.es\/wp-content\/uploads\/2022\/05\/vinaros-arts-festival-maria-del-mar-bonet-i-borja-penalba.jpeg\",\"width\":1200,\"height\":675},{\"@type\":\"BreadcrumbList\",\"@id\":\"https:\/\/artsfestival.vinaros.es\/es\/espectaculos\/maria-del-mar-bonet-i-borja-penalba\/#breadcrumb\",\"itemListElement\":[{\"@type\":\"ListItem\",\"position\":1,\"name\":\"Inicio\",\"item\":\"https:\/\/artsfestival.vinaros.es\/es\/\"},{\"@type\":\"ListItem\",\"position\":2,\"name\":\"Espect\u00e1culos\",\"item\":\"https:\/\/artsfestival.vinaros.es\/es\/espectaculos\/\"},{\"@type\":\"ListItem\",\"position\":3,\"name\":\"Maria del Mar Bonet i Borja Penalba\"}]},{\"@type\":\"WebSite\",\"@id\":\"https:\/\/artsfestival.vinaros.es\/es\/#website\",\"url\":\"https:\/\/artsfestival.vinaros.es\/es\/\",\"name\":\"Vinar\u00f2s Arts Festival\",\"description\":\"El festival de Vinar\u00f2s\",\"potentialAction\":[{\"@type\":\"SearchAction\",\"target\":{\"@type\":\"EntryPoint\",\"urlTemplate\":\"https:\/\/artsfestival.vinaros.es\/es\/?s={search_term_string}\"},\"query-input\":\"required name=search_term_string\"}],\"inLanguage\":\"es\"}]}<\/script>\n<!-- \/ Yoast SEO plugin. -->","yoast_head_json":{"title":"Maria del Mar Bonet i Borja Penalba - Vinar\u00f2s Arts Festival","robots":{"index":"index","follow":"follow","max-snippet":"max-snippet:-1","max-image-preview":"max-image-preview:large","max-video-preview":"max-video-preview:-1"},"canonical":"https:\/\/artsfestival.vinaros.es\/es\/espectaculos\/maria-del-mar-bonet-i-borja-penalba\/","og_locale":"es_ES","og_type":"article","og_title":"Maria del Mar Bonet i Borja Penalba - Vinar\u00f2s Arts Festival","og_description":"Con m\u00e1s de cincuenta a\u00f1os en los escenarios, la cantautora mallorquina Maria de Mar Bonet nos [&hellip;]","og_url":"https:\/\/artsfestival.vinaros.es\/es\/espectaculos\/maria-del-mar-bonet-i-borja-penalba\/","og_site_name":"Vinar\u00f2s Arts Festival","article_modified_time":"2022-06-20T09:14:27+00:00","og_image":[{"width":1200,"height":675,"url":"https:\/\/artsfestival.vinaros.es\/wp-content\/uploads\/2022\/05\/vinaros-arts-festival-maria-del-mar-bonet-i-borja-penalba.jpeg","type":"image\/jpeg"}],"twitter_card":"summary_large_image","twitter_misc":{"Tiempo de lectura":"1 minuto"},"schema":{"@context":"https:\/\/schema.org","@graph":[{"@type":"WebPage","@id":"https:\/\/artsfestival.vinaros.es\/es\/espectaculos\/maria-del-mar-bonet-i-borja-penalba\/","url":"https:\/\/artsfestival.vinaros.es\/es\/espectaculos\/maria-del-mar-bonet-i-borja-penalba\/","name":"Maria del Mar Bonet i Borja Penalba - Vinar\u00f2s Arts Festival","isPartOf":{"@id":"https:\/\/artsfestival.vinaros.es\/es\/#website"},"primaryImageOfPage":{"@id":"https:\/\/artsfestival.vinaros.es\/es\/espectaculos\/maria-del-mar-bonet-i-borja-penalba\/#primaryimage"},"image":{"@id":"https:\/\/artsfestival.vinaros.es\/es\/espectaculos\/maria-del-mar-bonet-i-borja-penalba\/#primaryimage"},"thumbnailUrl":"https:\/\/artsfestival.vinaros.es\/wp-content\/uploads\/2022\/05\/vinaros-arts-festival-maria-del-mar-bonet-i-borja-penalba.jpeg","datePublished":"2022-05-27T15:20:08+00:00","dateModified":"2022-06-20T09:14:27+00:00","breadcrumb":{"@id":"https:\/\/artsfestival.vinaros.es\/es\/espectaculos\/maria-del-mar-bonet-i-borja-penalba\/#breadcrumb"},"inLanguage":"es","potentialAction":[{"@type":"ReadAction","target":["https:\/\/artsfestival.vinaros.es\/es\/espectaculos\/maria-del-mar-bonet-i-borja-penalba\/"]}]},{"@type":"ImageObject","inLanguage":"es","@id":"https:\/\/artsfestival.vinaros.es\/es\/espectaculos\/maria-del-mar-bonet-i-borja-penalba\/#primaryimage","url":"https:\/\/artsfestival.vinaros.es\/wp-content\/uploads\/2022\/05\/vinaros-arts-festival-maria-del-mar-bonet-i-borja-penalba.jpeg","contentUrl":"https:\/\/artsfestival.vinaros.es\/wp-content\/uploads\/2022\/05\/vinaros-arts-festival-maria-del-mar-bonet-i-borja-penalba.jpeg","width":1200,"height":675},{"@type":"BreadcrumbList","@id":"https:\/\/artsfestival.vinaros.es\/es\/espectaculos\/maria-del-mar-bonet-i-borja-penalba\/#breadcrumb","itemListElement":[{"@type":"ListItem","position":1,"name":"Inicio","item":"https:\/\/artsfestival.vinaros.es\/es\/"},{"@type":"ListItem","position":2,"name":"Espect\u00e1culos","item":"https:\/\/artsfestival.vinaros.es\/es\/espectaculos\/"},{"@type":"ListItem","position":3,"name":"Maria del Mar Bonet i Borja Penalba"}]},{"@type":"WebSite","@id":"https:\/\/artsfestival.vinaros.es\/es\/#website","url":"https:\/\/artsfestival.vinaros.es\/es\/","name":"Vinar\u00f2s Arts Festival","description":"El festival de Vinar\u00f2s","potentialAction":[{"@type":"SearchAction","target":{"@type":"EntryPoint","urlTemplate":"https:\/\/artsfestival.vinaros.es\/es\/?s={search_term_string}"},"query-input":"required name=search_term_string"}],"inLanguage":"es"}]}},"_links":{"self":[{"href":"https:\/\/artsfestival.vinaros.es\/es\/wp-json\/wp\/v2\/esdeveniments\/372"}],"collection":[{"href":"https:\/\/artsfestival.vinaros.es\/es\/wp-json\/wp\/v2\/esdeveniments"}],"about":[{"href":"https:\/\/artsfestival.vinaros.es\/es\/wp-json\/wp\/v2\/types\/esdeveniments"}],"author":[{"embeddable":true,"href":"https:\/\/artsfestival.vinaros.es\/es\/wp-json\/wp\/v2\/users\/2"}],"version-history":[{"count":1,"href":"https:\/\/artsfestival.vinaros.es\/es\/wp-json\/wp\/v2\/esdeveniments\/372\/revisions"}],"predecessor-version":[{"id":373,"href":"https:\/\/artsfestival.vinaros.es\/es\/wp-json\/wp\/v2\/esdeveniments\/372\/revisions\/373"}],"wp:featuredmedia":[{"embeddable":true,"href":"https:\/\/artsfestival.vinaros.es\/es\/wp-json\/wp\/v2\/media\/320"}],"wp:attachment":[{"href":"https:\/\/artsfestival.vinaros.es\/es\/wp-json\/wp\/v2\/media?parent=372"}],"wp:term":[{"taxonomy":"tipus","embeddable":true,"href":"https:\/\/artsfestival.vinaros.es\/es\/wp-json\/wp\/v2\/tipus?post=372"},{"taxonomy":"disponibilitat","embeddable":true,"href":"https:\/\/artsfestival.vinaros.es\/es\/wp-json\/wp\/v2\/disponibilitat?post=372"}],"curies":[{"name":"wp","href":"https:\/\/api.w.org\/{rel}","templated":true}]}}