{"id":384,"date":"2021-07-30T16:01:00","date_gmt":"2021-07-30T14:01:00","guid":{"rendered":"https:\/\/artsfestival.vinaros.es\/espectacles\/cants-de-la-dona-liquida\/"},"modified":"2022-06-15T13:00:49","modified_gmt":"2022-06-15T11:00:49","slug":"cants-de-la-dona-liquida","status":"publish","type":"esdeveniments","link":"https:\/\/artsfestival.vinaros.es\/es\/espectaculos\/cants-de-la-dona-liquida\/","title":{"rendered":"Cants de la dona l\u00edquida"},"content":{"rendered":"\n<p>El espect\u00e1culo <em>Cants de La Dona L\u00edquida<\/em>, se ha representado en Moscou y en estos momentos se est\u00e1 haciendo en Siracusa. En Espa\u00f1a todav\u00eda no se ha estrenado, lo har\u00e1 en el marco del Festival Vinar\u00f2s Arts Esc\u00e8niques. <\/p>\n\n<p>Una mujer joven busca la obra de arte absoluta. Decepcionada por el mundo real en que vive, escapa en un espacio virtual, perdiendo progresivamente en s\u00ed misma su atractivo est\u00e9tico y las posibilidades tecnol\u00f3gicas. Los l\u00edmites internos y externos se difuminan, tal como la fina frontera entre realidad e ilusi\u00f3n. Incluso la separaci\u00f3n del aire y del agua como elementos parece haber huido. Sin embargo, despu\u00e9s de reflexionar, la mujer acontece cada vez m\u00e1s consciente de la ausencia de vida en el esplendor superficial de la perfecci\u00f3n t\u00e9cnica.    <\/p>\n\n<p>Cantos de la mujer l\u00edquida es un inconformista y brillante espect\u00e1culo que condensa \u00f3pera, cabar\u00e9 y poes\u00eda. La m\u00fasica tiene vida propia. Las intervenciones vocales e instrumentales de diferentes \u00e9pocas celebran la magia vigente del amor. Cada una a su manera.   <\/p>\n","protected":false},"excerpt":{"rendered":"<p>El espect\u00e1culo Cants de La Dona L\u00edquida, se ha representado en Moscou y en estos momentos [&hellip;]<\/p>\n","protected":false},"author":2,"featured_media":344,"menu_order":0,"template":"","format":"standard","meta":{"inline_featured_image":false,"footnotes":""},"tipus":[],"disponibilitat":[],"acf":[],"yoast_head":"<!-- This site is optimized with the Yoast SEO plugin v22.6 - https:\/\/yoast.com\/wordpress\/plugins\/seo\/ -->\n<title>Cants de la dona l\u00edquida - Vinar\u00f2s Arts Festival<\/title>\n<meta name=\"robots\" content=\"index, follow, max-snippet:-1, max-image-preview:large, max-video-preview:-1\" \/>\n<link rel=\"canonical\" href=\"https:\/\/artsfestival.vinaros.es\/es\/espectaculos\/cants-de-la-dona-liquida\/\" \/>\n<meta property=\"og:locale\" content=\"es_ES\" \/>\n<meta property=\"og:type\" content=\"article\" \/>\n<meta property=\"og:title\" content=\"Cants de la dona l\u00edquida - Vinar\u00f2s Arts Festival\" \/>\n<meta property=\"og:description\" content=\"El espect\u00e1culo Cants de La Dona L\u00edquida, se ha representado en Moscou y en estos momentos [&hellip;]\" \/>\n<meta property=\"og:url\" content=\"https:\/\/artsfestival.vinaros.es\/es\/espectaculos\/cants-de-la-dona-liquida\/\" \/>\n<meta property=\"og:site_name\" content=\"Vinar\u00f2s Arts Festival\" \/>\n<meta property=\"article:modified_time\" content=\"2022-06-15T11:00:49+00:00\" \/>\n<meta property=\"og:image\" content=\"https:\/\/artsfestival.vinaros.es\/wp-content\/uploads\/2022\/06\/vinaros-arts-festival-cants-de-la-dona-liquida.jpg\" \/>\n\t<meta property=\"og:image:width\" content=\"1000\" \/>\n\t<meta property=\"og:image:height\" content=\"714\" \/>\n\t<meta property=\"og:image:type\" content=\"image\/jpeg\" \/>\n<meta name=\"twitter:card\" content=\"summary_large_image\" \/>\n<meta name=\"twitter:label1\" content=\"Tiempo de lectura\" \/>\n\t<meta name=\"twitter:data1\" content=\"1 minuto\" \/>\n<script type=\"application\/ld+json\" class=\"yoast-schema-graph\">{\"@context\":\"https:\/\/schema.org\",\"@graph\":[{\"@type\":\"WebPage\",\"@id\":\"https:\/\/artsfestival.vinaros.es\/es\/espectaculos\/cants-de-la-dona-liquida\/\",\"url\":\"https:\/\/artsfestival.vinaros.es\/es\/espectaculos\/cants-de-la-dona-liquida\/\",\"name\":\"Cants de la dona l\u00edquida - Vinar\u00f2s Arts Festival\",\"isPartOf\":{\"@id\":\"https:\/\/artsfestival.vinaros.es\/es\/#website\"},\"primaryImageOfPage\":{\"@id\":\"https:\/\/artsfestival.vinaros.es\/es\/espectaculos\/cants-de-la-dona-liquida\/#primaryimage\"},\"image\":{\"@id\":\"https:\/\/artsfestival.vinaros.es\/es\/espectaculos\/cants-de-la-dona-liquida\/#primaryimage\"},\"thumbnailUrl\":\"https:\/\/artsfestival.vinaros.es\/wp-content\/uploads\/2022\/06\/vinaros-arts-festival-cants-de-la-dona-liquida.jpg\",\"datePublished\":\"2021-07-30T14:01:00+00:00\",\"dateModified\":\"2022-06-15T11:00:49+00:00\",\"breadcrumb\":{\"@id\":\"https:\/\/artsfestival.vinaros.es\/es\/espectaculos\/cants-de-la-dona-liquida\/#breadcrumb\"},\"inLanguage\":\"es\",\"potentialAction\":[{\"@type\":\"ReadAction\",\"target\":[\"https:\/\/artsfestival.vinaros.es\/es\/espectaculos\/cants-de-la-dona-liquida\/\"]}]},{\"@type\":\"ImageObject\",\"inLanguage\":\"es\",\"@id\":\"https:\/\/artsfestival.vinaros.es\/es\/espectaculos\/cants-de-la-dona-liquida\/#primaryimage\",\"url\":\"https:\/\/artsfestival.vinaros.es\/wp-content\/uploads\/2022\/06\/vinaros-arts-festival-cants-de-la-dona-liquida.jpg\",\"contentUrl\":\"https:\/\/artsfestival.vinaros.es\/wp-content\/uploads\/2022\/06\/vinaros-arts-festival-cants-de-la-dona-liquida.jpg\",\"width\":1000,\"height\":714},{\"@type\":\"BreadcrumbList\",\"@id\":\"https:\/\/artsfestival.vinaros.es\/es\/espectaculos\/cants-de-la-dona-liquida\/#breadcrumb\",\"itemListElement\":[{\"@type\":\"ListItem\",\"position\":1,\"name\":\"Inicio\",\"item\":\"https:\/\/artsfestival.vinaros.es\/es\/\"},{\"@type\":\"ListItem\",\"position\":2,\"name\":\"Espect\u00e1culos\",\"item\":\"https:\/\/artsfestival.vinaros.es\/es\/espectaculos\/\"},{\"@type\":\"ListItem\",\"position\":3,\"name\":\"Cants de la dona l\u00edquida\"}]},{\"@type\":\"WebSite\",\"@id\":\"https:\/\/artsfestival.vinaros.es\/es\/#website\",\"url\":\"https:\/\/artsfestival.vinaros.es\/es\/\",\"name\":\"Vinar\u00f2s Arts Festival\",\"description\":\"El festival de Vinar\u00f2s\",\"potentialAction\":[{\"@type\":\"SearchAction\",\"target\":{\"@type\":\"EntryPoint\",\"urlTemplate\":\"https:\/\/artsfestival.vinaros.es\/es\/?s={search_term_string}\"},\"query-input\":\"required name=search_term_string\"}],\"inLanguage\":\"es\"}]}<\/script>\n<!-- \/ Yoast SEO plugin. -->","yoast_head_json":{"title":"Cants de la dona l\u00edquida - Vinar\u00f2s Arts Festival","robots":{"index":"index","follow":"follow","max-snippet":"max-snippet:-1","max-image-preview":"max-image-preview:large","max-video-preview":"max-video-preview:-1"},"canonical":"https:\/\/artsfestival.vinaros.es\/es\/espectaculos\/cants-de-la-dona-liquida\/","og_locale":"es_ES","og_type":"article","og_title":"Cants de la dona l\u00edquida - Vinar\u00f2s Arts Festival","og_description":"El espect\u00e1culo Cants de La Dona L\u00edquida, se ha representado en Moscou y en estos momentos [&hellip;]","og_url":"https:\/\/artsfestival.vinaros.es\/es\/espectaculos\/cants-de-la-dona-liquida\/","og_site_name":"Vinar\u00f2s Arts Festival","article_modified_time":"2022-06-15T11:00:49+00:00","og_image":[{"width":1000,"height":714,"url":"https:\/\/artsfestival.vinaros.es\/wp-content\/uploads\/2022\/06\/vinaros-arts-festival-cants-de-la-dona-liquida.jpg","type":"image\/jpeg"}],"twitter_card":"summary_large_image","twitter_misc":{"Tiempo de lectura":"1 minuto"},"schema":{"@context":"https:\/\/schema.org","@graph":[{"@type":"WebPage","@id":"https:\/\/artsfestival.vinaros.es\/es\/espectaculos\/cants-de-la-dona-liquida\/","url":"https:\/\/artsfestival.vinaros.es\/es\/espectaculos\/cants-de-la-dona-liquida\/","name":"Cants de la dona l\u00edquida - Vinar\u00f2s Arts Festival","isPartOf":{"@id":"https:\/\/artsfestival.vinaros.es\/es\/#website"},"primaryImageOfPage":{"@id":"https:\/\/artsfestival.vinaros.es\/es\/espectaculos\/cants-de-la-dona-liquida\/#primaryimage"},"image":{"@id":"https:\/\/artsfestival.vinaros.es\/es\/espectaculos\/cants-de-la-dona-liquida\/#primaryimage"},"thumbnailUrl":"https:\/\/artsfestival.vinaros.es\/wp-content\/uploads\/2022\/06\/vinaros-arts-festival-cants-de-la-dona-liquida.jpg","datePublished":"2021-07-30T14:01:00+00:00","dateModified":"2022-06-15T11:00:49+00:00","breadcrumb":{"@id":"https:\/\/artsfestival.vinaros.es\/es\/espectaculos\/cants-de-la-dona-liquida\/#breadcrumb"},"inLanguage":"es","potentialAction":[{"@type":"ReadAction","target":["https:\/\/artsfestival.vinaros.es\/es\/espectaculos\/cants-de-la-dona-liquida\/"]}]},{"@type":"ImageObject","inLanguage":"es","@id":"https:\/\/artsfestival.vinaros.es\/es\/espectaculos\/cants-de-la-dona-liquida\/#primaryimage","url":"https:\/\/artsfestival.vinaros.es\/wp-content\/uploads\/2022\/06\/vinaros-arts-festival-cants-de-la-dona-liquida.jpg","contentUrl":"https:\/\/artsfestival.vinaros.es\/wp-content\/uploads\/2022\/06\/vinaros-arts-festival-cants-de-la-dona-liquida.jpg","width":1000,"height":714},{"@type":"BreadcrumbList","@id":"https:\/\/artsfestival.vinaros.es\/es\/espectaculos\/cants-de-la-dona-liquida\/#breadcrumb","itemListElement":[{"@type":"ListItem","position":1,"name":"Inicio","item":"https:\/\/artsfestival.vinaros.es\/es\/"},{"@type":"ListItem","position":2,"name":"Espect\u00e1culos","item":"https:\/\/artsfestival.vinaros.es\/es\/espectaculos\/"},{"@type":"ListItem","position":3,"name":"Cants de la dona l\u00edquida"}]},{"@type":"WebSite","@id":"https:\/\/artsfestival.vinaros.es\/es\/#website","url":"https:\/\/artsfestival.vinaros.es\/es\/","name":"Vinar\u00f2s Arts Festival","description":"El festival de Vinar\u00f2s","potentialAction":[{"@type":"SearchAction","target":{"@type":"EntryPoint","urlTemplate":"https:\/\/artsfestival.vinaros.es\/es\/?s={search_term_string}"},"query-input":"required name=search_term_string"}],"inLanguage":"es"}]}},"_links":{"self":[{"href":"https:\/\/artsfestival.vinaros.es\/es\/wp-json\/wp\/v2\/esdeveniments\/384"}],"collection":[{"href":"https:\/\/artsfestival.vinaros.es\/es\/wp-json\/wp\/v2\/esdeveniments"}],"about":[{"href":"https:\/\/artsfestival.vinaros.es\/es\/wp-json\/wp\/v2\/types\/esdeveniments"}],"author":[{"embeddable":true,"href":"https:\/\/artsfestival.vinaros.es\/es\/wp-json\/wp\/v2\/users\/2"}],"version-history":[{"count":1,"href":"https:\/\/artsfestival.vinaros.es\/es\/wp-json\/wp\/v2\/esdeveniments\/384\/revisions"}],"predecessor-version":[{"id":385,"href":"https:\/\/artsfestival.vinaros.es\/es\/wp-json\/wp\/v2\/esdeveniments\/384\/revisions\/385"}],"wp:featuredmedia":[{"embeddable":true,"href":"https:\/\/artsfestival.vinaros.es\/es\/wp-json\/wp\/v2\/media\/344"}],"wp:attachment":[{"href":"https:\/\/artsfestival.vinaros.es\/es\/wp-json\/wp\/v2\/media?parent=384"}],"wp:term":[{"taxonomy":"tipus","embeddable":true,"href":"https:\/\/artsfestival.vinaros.es\/es\/wp-json\/wp\/v2\/tipus?post=384"},{"taxonomy":"disponibilitat","embeddable":true,"href":"https:\/\/artsfestival.vinaros.es\/es\/wp-json\/wp\/v2\/disponibilitat?post=384"}],"curies":[{"name":"wp","href":"https:\/\/api.w.org\/{rel}","templated":true}]}}