{"id":390,"date":"2021-07-24T15:51:00","date_gmt":"2021-07-24T13:51:00","guid":{"rendered":"https:\/\/artsfestival.vinaros.es\/espectacles\/mulier\/"},"modified":"2022-06-15T13:01:31","modified_gmt":"2022-06-15T11:01:31","slug":"mulier","status":"publish","type":"esdeveniments","link":"https:\/\/artsfestival.vinaros.es\/es\/espectaculos\/mulier\/","title":{"rendered":"Mul\u00efer"},"content":{"rendered":"\n<p><em>Mul\u00efer<\/em> es un espect\u00e1culo de danza sobre zancos interpretado por cinco bailarinas. Con este montaje pretendemos investigar los l\u00edmites f\u00edsicos con la danza y el equilibrio, el movimiento y la poes\u00eda o la fuerza y las emociones. <\/p>\n\n<p>Las mujeres son nuestro punto de partida. El espect\u00e1culo nace de la necesidad de explorar la identidad femenina a trav\u00e9s del juego corporal, haciendo hincapi\u00e9 en la imagen, la po\u00e9tica visual y la narraci\u00f3n para llegar a la sensibilidad del espectador. <\/p>\n\n<p>Este espect\u00e1culo es un homenaje a todas las mujeres que durante siglos y siglos de opresi\u00f3n han luchado y siguen luchando para mantener vive su yo salvaje y que reclaman su derecho de bailar y correr libremente por nuestra sociedad.<\/p>\n","protected":false},"excerpt":{"rendered":"<p>Mul\u00efer es un espect\u00e1culo de danza sobre zancos interpretado por cinco bailarinas. Con este montaje pretendemos [&hellip;]<\/p>\n","protected":false},"author":2,"featured_media":342,"menu_order":0,"template":"","format":"standard","meta":{"inline_featured_image":false,"footnotes":""},"tipus":[],"disponibilitat":[],"acf":[],"yoast_head":"<!-- This site is optimized with the Yoast SEO plugin v22.6 - https:\/\/yoast.com\/wordpress\/plugins\/seo\/ -->\n<title>Mul\u00efer - Vinar\u00f2s Arts Festival<\/title>\n<meta name=\"robots\" content=\"index, follow, max-snippet:-1, max-image-preview:large, max-video-preview:-1\" \/>\n<link rel=\"canonical\" href=\"https:\/\/artsfestival.vinaros.es\/es\/espectaculos\/mulier\/\" \/>\n<meta property=\"og:locale\" content=\"es_ES\" \/>\n<meta property=\"og:type\" content=\"article\" \/>\n<meta property=\"og:title\" content=\"Mul\u00efer - Vinar\u00f2s Arts Festival\" \/>\n<meta property=\"og:description\" content=\"Mul\u00efer es un espect\u00e1culo de danza sobre zancos interpretado por cinco bailarinas. Con este montaje pretendemos [&hellip;]\" \/>\n<meta property=\"og:url\" content=\"https:\/\/artsfestival.vinaros.es\/es\/espectaculos\/mulier\/\" \/>\n<meta property=\"og:site_name\" content=\"Vinar\u00f2s Arts Festival\" \/>\n<meta property=\"article:modified_time\" content=\"2022-06-15T11:01:31+00:00\" \/>\n<meta property=\"og:image\" content=\"https:\/\/artsfestival.vinaros.es\/wp-content\/uploads\/2022\/06\/vinaros-arts-festival-mulier.jpg\" \/>\n\t<meta property=\"og:image:width\" content=\"1024\" \/>\n\t<meta property=\"og:image:height\" content=\"683\" \/>\n\t<meta property=\"og:image:type\" content=\"image\/jpeg\" \/>\n<meta name=\"twitter:card\" content=\"summary_large_image\" \/>\n<meta name=\"twitter:label1\" content=\"Tiempo de lectura\" \/>\n\t<meta name=\"twitter:data1\" content=\"1 minuto\" \/>\n<script type=\"application\/ld+json\" class=\"yoast-schema-graph\">{\"@context\":\"https:\/\/schema.org\",\"@graph\":[{\"@type\":\"WebPage\",\"@id\":\"https:\/\/artsfestival.vinaros.es\/es\/espectaculos\/mulier\/\",\"url\":\"https:\/\/artsfestival.vinaros.es\/es\/espectaculos\/mulier\/\",\"name\":\"Mul\u00efer - Vinar\u00f2s Arts Festival\",\"isPartOf\":{\"@id\":\"https:\/\/artsfestival.vinaros.es\/es\/#website\"},\"primaryImageOfPage\":{\"@id\":\"https:\/\/artsfestival.vinaros.es\/es\/espectaculos\/mulier\/#primaryimage\"},\"image\":{\"@id\":\"https:\/\/artsfestival.vinaros.es\/es\/espectaculos\/mulier\/#primaryimage\"},\"thumbnailUrl\":\"https:\/\/artsfestival.vinaros.es\/wp-content\/uploads\/2022\/06\/vinaros-arts-festival-mulier.jpg\",\"datePublished\":\"2021-07-24T13:51:00+00:00\",\"dateModified\":\"2022-06-15T11:01:31+00:00\",\"breadcrumb\":{\"@id\":\"https:\/\/artsfestival.vinaros.es\/es\/espectaculos\/mulier\/#breadcrumb\"},\"inLanguage\":\"es\",\"potentialAction\":[{\"@type\":\"ReadAction\",\"target\":[\"https:\/\/artsfestival.vinaros.es\/es\/espectaculos\/mulier\/\"]}]},{\"@type\":\"ImageObject\",\"inLanguage\":\"es\",\"@id\":\"https:\/\/artsfestival.vinaros.es\/es\/espectaculos\/mulier\/#primaryimage\",\"url\":\"https:\/\/artsfestival.vinaros.es\/wp-content\/uploads\/2022\/06\/vinaros-arts-festival-mulier.jpg\",\"contentUrl\":\"https:\/\/artsfestival.vinaros.es\/wp-content\/uploads\/2022\/06\/vinaros-arts-festival-mulier.jpg\",\"width\":1024,\"height\":683},{\"@type\":\"BreadcrumbList\",\"@id\":\"https:\/\/artsfestival.vinaros.es\/es\/espectaculos\/mulier\/#breadcrumb\",\"itemListElement\":[{\"@type\":\"ListItem\",\"position\":1,\"name\":\"Inicio\",\"item\":\"https:\/\/artsfestival.vinaros.es\/es\/\"},{\"@type\":\"ListItem\",\"position\":2,\"name\":\"Espect\u00e1culos\",\"item\":\"https:\/\/artsfestival.vinaros.es\/es\/espectaculos\/\"},{\"@type\":\"ListItem\",\"position\":3,\"name\":\"Mul\u00efer\"}]},{\"@type\":\"WebSite\",\"@id\":\"https:\/\/artsfestival.vinaros.es\/es\/#website\",\"url\":\"https:\/\/artsfestival.vinaros.es\/es\/\",\"name\":\"Vinar\u00f2s Arts Festival\",\"description\":\"El festival de Vinar\u00f2s\",\"potentialAction\":[{\"@type\":\"SearchAction\",\"target\":{\"@type\":\"EntryPoint\",\"urlTemplate\":\"https:\/\/artsfestival.vinaros.es\/es\/?s={search_term_string}\"},\"query-input\":\"required name=search_term_string\"}],\"inLanguage\":\"es\"}]}<\/script>\n<!-- \/ Yoast SEO plugin. -->","yoast_head_json":{"title":"Mul\u00efer - Vinar\u00f2s Arts Festival","robots":{"index":"index","follow":"follow","max-snippet":"max-snippet:-1","max-image-preview":"max-image-preview:large","max-video-preview":"max-video-preview:-1"},"canonical":"https:\/\/artsfestival.vinaros.es\/es\/espectaculos\/mulier\/","og_locale":"es_ES","og_type":"article","og_title":"Mul\u00efer - Vinar\u00f2s Arts Festival","og_description":"Mul\u00efer es un espect\u00e1culo de danza sobre zancos interpretado por cinco bailarinas. Con este montaje pretendemos [&hellip;]","og_url":"https:\/\/artsfestival.vinaros.es\/es\/espectaculos\/mulier\/","og_site_name":"Vinar\u00f2s Arts Festival","article_modified_time":"2022-06-15T11:01:31+00:00","og_image":[{"width":1024,"height":683,"url":"https:\/\/artsfestival.vinaros.es\/wp-content\/uploads\/2022\/06\/vinaros-arts-festival-mulier.jpg","type":"image\/jpeg"}],"twitter_card":"summary_large_image","twitter_misc":{"Tiempo de lectura":"1 minuto"},"schema":{"@context":"https:\/\/schema.org","@graph":[{"@type":"WebPage","@id":"https:\/\/artsfestival.vinaros.es\/es\/espectaculos\/mulier\/","url":"https:\/\/artsfestival.vinaros.es\/es\/espectaculos\/mulier\/","name":"Mul\u00efer - Vinar\u00f2s Arts Festival","isPartOf":{"@id":"https:\/\/artsfestival.vinaros.es\/es\/#website"},"primaryImageOfPage":{"@id":"https:\/\/artsfestival.vinaros.es\/es\/espectaculos\/mulier\/#primaryimage"},"image":{"@id":"https:\/\/artsfestival.vinaros.es\/es\/espectaculos\/mulier\/#primaryimage"},"thumbnailUrl":"https:\/\/artsfestival.vinaros.es\/wp-content\/uploads\/2022\/06\/vinaros-arts-festival-mulier.jpg","datePublished":"2021-07-24T13:51:00+00:00","dateModified":"2022-06-15T11:01:31+00:00","breadcrumb":{"@id":"https:\/\/artsfestival.vinaros.es\/es\/espectaculos\/mulier\/#breadcrumb"},"inLanguage":"es","potentialAction":[{"@type":"ReadAction","target":["https:\/\/artsfestival.vinaros.es\/es\/espectaculos\/mulier\/"]}]},{"@type":"ImageObject","inLanguage":"es","@id":"https:\/\/artsfestival.vinaros.es\/es\/espectaculos\/mulier\/#primaryimage","url":"https:\/\/artsfestival.vinaros.es\/wp-content\/uploads\/2022\/06\/vinaros-arts-festival-mulier.jpg","contentUrl":"https:\/\/artsfestival.vinaros.es\/wp-content\/uploads\/2022\/06\/vinaros-arts-festival-mulier.jpg","width":1024,"height":683},{"@type":"BreadcrumbList","@id":"https:\/\/artsfestival.vinaros.es\/es\/espectaculos\/mulier\/#breadcrumb","itemListElement":[{"@type":"ListItem","position":1,"name":"Inicio","item":"https:\/\/artsfestival.vinaros.es\/es\/"},{"@type":"ListItem","position":2,"name":"Espect\u00e1culos","item":"https:\/\/artsfestival.vinaros.es\/es\/espectaculos\/"},{"@type":"ListItem","position":3,"name":"Mul\u00efer"}]},{"@type":"WebSite","@id":"https:\/\/artsfestival.vinaros.es\/es\/#website","url":"https:\/\/artsfestival.vinaros.es\/es\/","name":"Vinar\u00f2s Arts Festival","description":"El festival de Vinar\u00f2s","potentialAction":[{"@type":"SearchAction","target":{"@type":"EntryPoint","urlTemplate":"https:\/\/artsfestival.vinaros.es\/es\/?s={search_term_string}"},"query-input":"required name=search_term_string"}],"inLanguage":"es"}]}},"_links":{"self":[{"href":"https:\/\/artsfestival.vinaros.es\/es\/wp-json\/wp\/v2\/esdeveniments\/390"}],"collection":[{"href":"https:\/\/artsfestival.vinaros.es\/es\/wp-json\/wp\/v2\/esdeveniments"}],"about":[{"href":"https:\/\/artsfestival.vinaros.es\/es\/wp-json\/wp\/v2\/types\/esdeveniments"}],"author":[{"embeddable":true,"href":"https:\/\/artsfestival.vinaros.es\/es\/wp-json\/wp\/v2\/users\/2"}],"version-history":[{"count":1,"href":"https:\/\/artsfestival.vinaros.es\/es\/wp-json\/wp\/v2\/esdeveniments\/390\/revisions"}],"predecessor-version":[{"id":391,"href":"https:\/\/artsfestival.vinaros.es\/es\/wp-json\/wp\/v2\/esdeveniments\/390\/revisions\/391"}],"wp:featuredmedia":[{"embeddable":true,"href":"https:\/\/artsfestival.vinaros.es\/es\/wp-json\/wp\/v2\/media\/342"}],"wp:attachment":[{"href":"https:\/\/artsfestival.vinaros.es\/es\/wp-json\/wp\/v2\/media?parent=390"}],"wp:term":[{"taxonomy":"tipus","embeddable":true,"href":"https:\/\/artsfestival.vinaros.es\/es\/wp-json\/wp\/v2\/tipus?post=390"},{"taxonomy":"disponibilitat","embeddable":true,"href":"https:\/\/artsfestival.vinaros.es\/es\/wp-json\/wp\/v2\/disponibilitat?post=390"}],"curies":[{"name":"wp","href":"https:\/\/api.w.org\/{rel}","templated":true}]}}