{"id":564,"date":"2020-09-26T16:22:00","date_gmt":"2020-09-26T14:22:00","guid":{"rendered":"https:\/\/artsfestival.vinaros.es\/espectacles\/el-romancero-gitano\/"},"modified":"2022-06-09T16:30:44","modified_gmt":"2022-06-09T14:30:44","slug":"el-romancero-gitano","status":"publish","type":"esdeveniments","link":"https:\/\/artsfestival.vinaros.es\/es\/espectaculos\/el-romancero-gitano\/","title":{"rendered":"El romancero Gitano"},"content":{"rendered":"\n<p>Nuria Espert y Llu\u00eds Pasqual vuelven a la palabra de Federico Garc\u00eda Lorca, el poeta y dramaturgo que ha ocupado un lugar destacado en la trayectoria profesional de ambos.<\/p>\n\n<p>En el 120\u00ba aniversario del nacimiento del poeta granadino, presentan un nuevo espect\u00e1culo a partir de Romancero gitano, un poemario como un mapa andaluz en el que se entrelazan lo romano, lo cristiano, lo \u00e1rabe, lo jud\u00edo y lo gitano. \u201cUn libro antipintoresco, antifolkl\u00f3rico, antiflamenco\u201d, como dijo el propio Federico en los comentarios que formar\u00e1n parte de esta \u00edntima velada teatral. <\/p>\n\n<p>Publicado hace 90 a\u00f1os, el libro posee una enorme riqueza de im\u00e1genes y s\u00edmbolos que aluden a vida y muerte, pasi\u00f3n y violencia, la tierra y el firmamento\u2026 La escritura de Lorca cobrar\u00e1 vida a trav\u00e9s de la voz y la presencia esc\u00e9nica de Nuria Espert y la depurada puesta en escena de Llu\u00eds Pasqual, dos grand\u00edsimas figuras de nuestro teatro.<\/p>\n","protected":false},"excerpt":{"rendered":"<p>Nuria Espert y Llu\u00eds Pasqual vuelven a la palabra de Federico Garc\u00eda Lorca, el poeta y [&hellip;]<\/p>\n","protected":false},"author":2,"featured_media":561,"menu_order":0,"template":"","format":"standard","meta":{"inline_featured_image":false,"footnotes":""},"tipus":[],"disponibilitat":[],"acf":[],"yoast_head":"<!-- This site is optimized with the Yoast SEO plugin v22.6 - https:\/\/yoast.com\/wordpress\/plugins\/seo\/ -->\n<title>El romancero Gitano - Vinar\u00f2s Arts Festival<\/title>\n<meta name=\"robots\" content=\"index, follow, max-snippet:-1, max-image-preview:large, max-video-preview:-1\" \/>\n<link rel=\"canonical\" href=\"https:\/\/artsfestival.vinaros.es\/es\/espectaculos\/el-romancero-gitano\/\" \/>\n<meta property=\"og:locale\" content=\"es_ES\" \/>\n<meta property=\"og:type\" content=\"article\" \/>\n<meta property=\"og:title\" content=\"El romancero Gitano - Vinar\u00f2s Arts Festival\" \/>\n<meta property=\"og:description\" content=\"Nuria Espert y Llu\u00eds Pasqual vuelven a la palabra de Federico Garc\u00eda Lorca, el poeta y [&hellip;]\" \/>\n<meta property=\"og:url\" content=\"https:\/\/artsfestival.vinaros.es\/es\/espectaculos\/el-romancero-gitano\/\" \/>\n<meta property=\"og:site_name\" content=\"Vinar\u00f2s Arts Festival\" \/>\n<meta property=\"article:modified_time\" content=\"2022-06-09T14:30:44+00:00\" \/>\n<meta property=\"og:image\" content=\"https:\/\/artsfestival.vinaros.es\/wp-content\/uploads\/2022\/06\/vinaros-arts-festival-romancero-gitano.jpg\" \/>\n\t<meta property=\"og:image:width\" content=\"1200\" \/>\n\t<meta property=\"og:image:height\" content=\"900\" \/>\n\t<meta property=\"og:image:type\" content=\"image\/jpeg\" \/>\n<meta name=\"twitter:card\" content=\"summary_large_image\" \/>\n<meta name=\"twitter:label1\" content=\"Tiempo de lectura\" \/>\n\t<meta name=\"twitter:data1\" content=\"1 minuto\" \/>\n<script type=\"application\/ld+json\" class=\"yoast-schema-graph\">{\"@context\":\"https:\/\/schema.org\",\"@graph\":[{\"@type\":\"WebPage\",\"@id\":\"https:\/\/artsfestival.vinaros.es\/es\/espectaculos\/el-romancero-gitano\/\",\"url\":\"https:\/\/artsfestival.vinaros.es\/es\/espectaculos\/el-romancero-gitano\/\",\"name\":\"El romancero Gitano - Vinar\u00f2s Arts Festival\",\"isPartOf\":{\"@id\":\"https:\/\/artsfestival.vinaros.es\/es\/#website\"},\"primaryImageOfPage\":{\"@id\":\"https:\/\/artsfestival.vinaros.es\/es\/espectaculos\/el-romancero-gitano\/#primaryimage\"},\"image\":{\"@id\":\"https:\/\/artsfestival.vinaros.es\/es\/espectaculos\/el-romancero-gitano\/#primaryimage\"},\"thumbnailUrl\":\"https:\/\/artsfestival.vinaros.es\/wp-content\/uploads\/2022\/06\/vinaros-arts-festival-romancero-gitano.jpg\",\"datePublished\":\"2020-09-26T14:22:00+00:00\",\"dateModified\":\"2022-06-09T14:30:44+00:00\",\"breadcrumb\":{\"@id\":\"https:\/\/artsfestival.vinaros.es\/es\/espectaculos\/el-romancero-gitano\/#breadcrumb\"},\"inLanguage\":\"es\",\"potentialAction\":[{\"@type\":\"ReadAction\",\"target\":[\"https:\/\/artsfestival.vinaros.es\/es\/espectaculos\/el-romancero-gitano\/\"]}]},{\"@type\":\"ImageObject\",\"inLanguage\":\"es\",\"@id\":\"https:\/\/artsfestival.vinaros.es\/es\/espectaculos\/el-romancero-gitano\/#primaryimage\",\"url\":\"https:\/\/artsfestival.vinaros.es\/wp-content\/uploads\/2022\/06\/vinaros-arts-festival-romancero-gitano.jpg\",\"contentUrl\":\"https:\/\/artsfestival.vinaros.es\/wp-content\/uploads\/2022\/06\/vinaros-arts-festival-romancero-gitano.jpg\",\"width\":1200,\"height\":900},{\"@type\":\"BreadcrumbList\",\"@id\":\"https:\/\/artsfestival.vinaros.es\/es\/espectaculos\/el-romancero-gitano\/#breadcrumb\",\"itemListElement\":[{\"@type\":\"ListItem\",\"position\":1,\"name\":\"Inicio\",\"item\":\"https:\/\/artsfestival.vinaros.es\/es\/\"},{\"@type\":\"ListItem\",\"position\":2,\"name\":\"Espect\u00e1culos\",\"item\":\"https:\/\/artsfestival.vinaros.es\/es\/espectaculos\/\"},{\"@type\":\"ListItem\",\"position\":3,\"name\":\"El romancero Gitano\"}]},{\"@type\":\"WebSite\",\"@id\":\"https:\/\/artsfestival.vinaros.es\/es\/#website\",\"url\":\"https:\/\/artsfestival.vinaros.es\/es\/\",\"name\":\"Vinar\u00f2s Arts Festival\",\"description\":\"El festival de Vinar\u00f2s\",\"potentialAction\":[{\"@type\":\"SearchAction\",\"target\":{\"@type\":\"EntryPoint\",\"urlTemplate\":\"https:\/\/artsfestival.vinaros.es\/es\/?s={search_term_string}\"},\"query-input\":\"required name=search_term_string\"}],\"inLanguage\":\"es\"}]}<\/script>\n<!-- \/ Yoast SEO plugin. -->","yoast_head_json":{"title":"El romancero Gitano - Vinar\u00f2s Arts Festival","robots":{"index":"index","follow":"follow","max-snippet":"max-snippet:-1","max-image-preview":"max-image-preview:large","max-video-preview":"max-video-preview:-1"},"canonical":"https:\/\/artsfestival.vinaros.es\/es\/espectaculos\/el-romancero-gitano\/","og_locale":"es_ES","og_type":"article","og_title":"El romancero Gitano - Vinar\u00f2s Arts Festival","og_description":"Nuria Espert y Llu\u00eds Pasqual vuelven a la palabra de Federico Garc\u00eda Lorca, el poeta y [&hellip;]","og_url":"https:\/\/artsfestival.vinaros.es\/es\/espectaculos\/el-romancero-gitano\/","og_site_name":"Vinar\u00f2s Arts Festival","article_modified_time":"2022-06-09T14:30:44+00:00","og_image":[{"width":1200,"height":900,"url":"https:\/\/artsfestival.vinaros.es\/wp-content\/uploads\/2022\/06\/vinaros-arts-festival-romancero-gitano.jpg","type":"image\/jpeg"}],"twitter_card":"summary_large_image","twitter_misc":{"Tiempo de lectura":"1 minuto"},"schema":{"@context":"https:\/\/schema.org","@graph":[{"@type":"WebPage","@id":"https:\/\/artsfestival.vinaros.es\/es\/espectaculos\/el-romancero-gitano\/","url":"https:\/\/artsfestival.vinaros.es\/es\/espectaculos\/el-romancero-gitano\/","name":"El romancero Gitano - Vinar\u00f2s Arts Festival","isPartOf":{"@id":"https:\/\/artsfestival.vinaros.es\/es\/#website"},"primaryImageOfPage":{"@id":"https:\/\/artsfestival.vinaros.es\/es\/espectaculos\/el-romancero-gitano\/#primaryimage"},"image":{"@id":"https:\/\/artsfestival.vinaros.es\/es\/espectaculos\/el-romancero-gitano\/#primaryimage"},"thumbnailUrl":"https:\/\/artsfestival.vinaros.es\/wp-content\/uploads\/2022\/06\/vinaros-arts-festival-romancero-gitano.jpg","datePublished":"2020-09-26T14:22:00+00:00","dateModified":"2022-06-09T14:30:44+00:00","breadcrumb":{"@id":"https:\/\/artsfestival.vinaros.es\/es\/espectaculos\/el-romancero-gitano\/#breadcrumb"},"inLanguage":"es","potentialAction":[{"@type":"ReadAction","target":["https:\/\/artsfestival.vinaros.es\/es\/espectaculos\/el-romancero-gitano\/"]}]},{"@type":"ImageObject","inLanguage":"es","@id":"https:\/\/artsfestival.vinaros.es\/es\/espectaculos\/el-romancero-gitano\/#primaryimage","url":"https:\/\/artsfestival.vinaros.es\/wp-content\/uploads\/2022\/06\/vinaros-arts-festival-romancero-gitano.jpg","contentUrl":"https:\/\/artsfestival.vinaros.es\/wp-content\/uploads\/2022\/06\/vinaros-arts-festival-romancero-gitano.jpg","width":1200,"height":900},{"@type":"BreadcrumbList","@id":"https:\/\/artsfestival.vinaros.es\/es\/espectaculos\/el-romancero-gitano\/#breadcrumb","itemListElement":[{"@type":"ListItem","position":1,"name":"Inicio","item":"https:\/\/artsfestival.vinaros.es\/es\/"},{"@type":"ListItem","position":2,"name":"Espect\u00e1culos","item":"https:\/\/artsfestival.vinaros.es\/es\/espectaculos\/"},{"@type":"ListItem","position":3,"name":"El romancero Gitano"}]},{"@type":"WebSite","@id":"https:\/\/artsfestival.vinaros.es\/es\/#website","url":"https:\/\/artsfestival.vinaros.es\/es\/","name":"Vinar\u00f2s Arts Festival","description":"El festival de Vinar\u00f2s","potentialAction":[{"@type":"SearchAction","target":{"@type":"EntryPoint","urlTemplate":"https:\/\/artsfestival.vinaros.es\/es\/?s={search_term_string}"},"query-input":"required name=search_term_string"}],"inLanguage":"es"}]}},"_links":{"self":[{"href":"https:\/\/artsfestival.vinaros.es\/es\/wp-json\/wp\/v2\/esdeveniments\/564"}],"collection":[{"href":"https:\/\/artsfestival.vinaros.es\/es\/wp-json\/wp\/v2\/esdeveniments"}],"about":[{"href":"https:\/\/artsfestival.vinaros.es\/es\/wp-json\/wp\/v2\/types\/esdeveniments"}],"author":[{"embeddable":true,"href":"https:\/\/artsfestival.vinaros.es\/es\/wp-json\/wp\/v2\/users\/2"}],"version-history":[{"count":3,"href":"https:\/\/artsfestival.vinaros.es\/es\/wp-json\/wp\/v2\/esdeveniments\/564\/revisions"}],"predecessor-version":[{"id":567,"href":"https:\/\/artsfestival.vinaros.es\/es\/wp-json\/wp\/v2\/esdeveniments\/564\/revisions\/567"}],"wp:featuredmedia":[{"embeddable":true,"href":"https:\/\/artsfestival.vinaros.es\/es\/wp-json\/wp\/v2\/media\/561"}],"wp:attachment":[{"href":"https:\/\/artsfestival.vinaros.es\/es\/wp-json\/wp\/v2\/media?parent=564"}],"wp:term":[{"taxonomy":"tipus","embeddable":true,"href":"https:\/\/artsfestival.vinaros.es\/es\/wp-json\/wp\/v2\/tipus?post=564"},{"taxonomy":"disponibilitat","embeddable":true,"href":"https:\/\/artsfestival.vinaros.es\/es\/wp-json\/wp\/v2\/disponibilitat?post=564"}],"curies":[{"name":"wp","href":"https:\/\/api.w.org\/{rel}","templated":true}]}}