{"id":353,"date":"2022-05-22T11:57:49","date_gmt":"2022-05-22T09:57:49","guid":{"rendered":"https:\/\/artsfestival.vinaros.es\/politica-de-privacidad\/"},"modified":"2022-06-03T12:02:44","modified_gmt":"2022-06-03T10:02:44","slug":"politica-de-privacidad","status":"publish","type":"page","link":"https:\/\/artsfestival.vinaros.es\/es\/politica-de-privacidad\/","title":{"rendered":"Pol\u00edtica de privacidad"},"content":{"rendered":"\n<h2 class=\"wp-block-heading\" id=\"politica-de-proteccio-de-dades\">Pol\u00edtica de protecci\u00f3n de datos<\/h2>\n\n<p>El Ayuntamiento de Vinar\u00f2s est\u00e1 especialmente sensibilizado con la protecci\u00f3n de datos de car\u00e1cter personal de los usuarios de la Web y con el cumplimiento del Reglamento General de Protecci\u00f3n de Datos.<br\/>La visita a este sitio Web no implica que el usuario est\u00e9 obligado a facilitar ninguna informaci\u00f3n sobre el mismo. En el caso de que se faciliten datos, la presente Pol\u00edtica de Privacidad pretende informar a los usuarios de los usos a los que se someten los datos de car\u00e1cter personal que se recaban en sitio Web, con el fin de que decidan, libre y voluntariamente, si desean facilitar la informaci\u00f3n solicitada. <br\/>El Ayuntamiento de Vinar\u00f2s, se reserva la facultad de modificar y sin previo aviso esta Pol\u00edtica de Privacidad para mantenerla adaptada a la legislaci\u00f3n vigente. En tales casos, anunciar\u00e1 en este sitio Web los cambios introducidos con el fin de que puedan ser conocidas por el usuario. <\/p>\n\n<p>En cumplimiento de la normativa de protecci\u00f3n de datos, el Ayuntamiento de Vinar\u00f2s le informa de los siguientes extremos:<\/p>\n\n<h3 class=\"wp-block-heading\" id=\"responsable-del-tractament\"><strong>Responsable del tratamiento:<\/strong><\/h3>\n\n<p>Ayuntamiento de Vinar\u00f2s<br\/>Pl. Parroquial, 12 <br\/>12500 Vinar\u00f2s<\/p>\n\n<h3 class=\"wp-block-heading\" id=\"dades-de-contacte-del-delegat-de-proteccio-de-dades-dpd\"><strong>Dades de contacte del delegado de protecci\u00f3n de datos (dpd)<\/strong><\/h3>\n\n<p><a href=\"mailto:dpd@vinaros.es\">dpd@vinaros.es<\/a><\/p>\n\n<h2 class=\"wp-block-heading\" id=\"finalitats-i-legitimacio-del-tractament\">Fines y legitimaci\u00f3n del tratamiento<\/h2>\n\n<p>La finalidad de recogida y tratamiento de los datos personales facilitados en la web del Ayuntamiento de Vinar\u00f2s depender\u00e1 del formulario de recogida de datos empleado por el usuario: realizar la tramitaci\u00f3n solicitada por el usuario, atender una demanda de tr\u00e1mite o servicio telem\u00e1tico, mantenerlo informado de noticias y novedades relacionadas con Vinar\u00f2s, etc.<\/p>\n\n<p>El tratamiento de los datos personales est\u00e1 legitimado en base al consentimiento otorgado por el interesado o en cumplimiento de una obligaci\u00f3n legal.<\/p>\n\n<p>No obstante, en cada formulario Web se facilitar\u00e1 al usuario su informaci\u00f3n de protecci\u00f3n de datos conforme al Reglamento General de Protecci\u00f3n de Datos.<\/p>\n\n<h2 class=\"wp-block-heading\" id=\"destinataris-de-la-informacio\">Destinatarios de la informaci\u00f3n<\/h2>\n\n<p>Como norma general, los datos no ser\u00e1n comunicados a terceros salvo que exista consentimiento expreso del usuario o en cumplimiento de una obligaci\u00f3n legal aplicable al Responsable.<\/p>\n\n<h2 class=\"wp-block-heading\" id=\"terminis-de-conservacio\">Plazos de conservaci\u00f3n<\/h2>\n\n<p>Los datos de car\u00e1cter personal ser\u00e1n conservados durante los plazos previstos en las disposiciones aplicables.<\/p>\n\n<h2 class=\"wp-block-heading\" id=\"drets-dels-interessats\">Derechos de los interesados<\/h2>\n\n<p>El interesado podr\u00e1 ejercitar sus derechos de acceso, rectificaci\u00f3n, supresi\u00f3n, oposici\u00f3n, limitaci\u00f3n y portabilidad en relaci\u00f3n a sus datos personales dirigi\u00e9ndose por escrito a la direcci\u00f3n postal del Ayuntamiento o por correo electr\u00f3nico a dpd@vinaros.es, facilitando copia de su DNI o documento identificativo equivalente.<\/p>\n\n<p>Los usuarios podr\u00e1n presentar su solicitud a trav\u00e9s del procedimiento establecido en la Sede Electr\u00f3nica <a href=\"http:\/\/vinaros.sedelectronica.es\/info.0\" target=\"_blank\" rel=\"noreferrer noopener\">http:\/\/vinaros.sedelectronica.es\/info.0<\/a><\/p>\n\n<p>Los usuarios tambi\u00e9n podr\u00e1n dirigirse a la Agencia Espa\u00f1ola de Protecci\u00f3n de Datos (AEPD) para presentar una reclamaci\u00f3n cuando no considere debidamente atendida su solicitud.<\/p>\n\n<p>No obstante, y con car\u00e1cter general, se informa a todos los usuarios que en el caso de aportar datos personales podr\u00e1n ejercitar los derechos de acceso, rectificaci\u00f3n, supresi\u00f3n (derecho al olvido), limitaci\u00f3n, portabilidad, oposici\u00f3n y decisi\u00f3n individual automatizada dirigi\u00e9ndose por escrito al Registro de Entrada en:<\/p>\n\n<p><strong>Oficina de Informaci\u00f3n y Atenci\u00f3n a la Ciudadan\u00eda<\/strong><br\/>Pl. Jovellar, 22  <br\/>12500 Vinar\u00f2s<br\/>Tel: 964407700<\/p>\n","protected":false},"excerpt":{"rendered":"<p>Pol\u00edtica de protecci\u00f3n de datos El Ayuntamiento de Vinar\u00f2s est\u00e1 especialmente sensibilizado con la protecci\u00f3n de [&hellip;]<\/p>\n","protected":false},"author":1,"featured_media":0,"parent":0,"menu_order":0,"comment_status":"closed","ping_status":"open","template":"page-legal.php","meta":{"inline_featured_image":false,"footnotes":""},"acf":[],"yoast_head":"<!-- This site is optimized with the Yoast SEO plugin v22.6 - https:\/\/yoast.com\/wordpress\/plugins\/seo\/ -->\n<title>Pol\u00edtica de privacidad - Vinar\u00f2s Arts Festival<\/title>\n<meta name=\"robots\" content=\"index, follow, max-snippet:-1, max-image-preview:large, max-video-preview:-1\" \/>\n<link rel=\"canonical\" href=\"https:\/\/artsfestival.vinaros.es\/es\/politica-de-privacidad\/\" \/>\n<meta property=\"og:locale\" content=\"es_ES\" \/>\n<meta property=\"og:type\" content=\"article\" \/>\n<meta property=\"og:title\" content=\"Pol\u00edtica de privacidad - Vinar\u00f2s Arts Festival\" \/>\n<meta property=\"og:description\" content=\"Pol\u00edtica de protecci\u00f3n de datos El Ayuntamiento de Vinar\u00f2s est\u00e1 especialmente sensibilizado con la protecci\u00f3n de [&hellip;]\" \/>\n<meta property=\"og:url\" content=\"https:\/\/artsfestival.vinaros.es\/es\/politica-de-privacidad\/\" \/>\n<meta property=\"og:site_name\" content=\"Vinar\u00f2s Arts Festival\" \/>\n<meta property=\"article:modified_time\" content=\"2022-06-03T10:02:44+00:00\" \/>\n<meta name=\"twitter:card\" content=\"summary_large_image\" \/>\n<meta name=\"twitter:label1\" content=\"Tiempo de lectura\" \/>\n\t<meta name=\"twitter:data1\" content=\"3 minutos\" \/>\n<script type=\"application\/ld+json\" class=\"yoast-schema-graph\">{\"@context\":\"https:\/\/schema.org\",\"@graph\":[{\"@type\":\"WebPage\",\"@id\":\"https:\/\/artsfestival.vinaros.es\/es\/politica-de-privacidad\/\",\"url\":\"https:\/\/artsfestival.vinaros.es\/es\/politica-de-privacidad\/\",\"name\":\"Pol\u00edtica de privacidad - Vinar\u00f2s Arts Festival\",\"isPartOf\":{\"@id\":\"https:\/\/artsfestival.vinaros.es\/es\/#website\"},\"datePublished\":\"2022-05-22T09:57:49+00:00\",\"dateModified\":\"2022-06-03T10:02:44+00:00\",\"breadcrumb\":{\"@id\":\"https:\/\/artsfestival.vinaros.es\/es\/politica-de-privacidad\/#breadcrumb\"},\"inLanguage\":\"es\",\"potentialAction\":[{\"@type\":\"ReadAction\",\"target\":[\"https:\/\/artsfestival.vinaros.es\/es\/politica-de-privacidad\/\"]}]},{\"@type\":\"BreadcrumbList\",\"@id\":\"https:\/\/artsfestival.vinaros.es\/es\/politica-de-privacidad\/#breadcrumb\",\"itemListElement\":[{\"@type\":\"ListItem\",\"position\":1,\"name\":\"Inicio\",\"item\":\"https:\/\/artsfestival.vinaros.es\/es\/\"},{\"@type\":\"ListItem\",\"position\":2,\"name\":\"Pol\u00edtica de privacidad\"}]},{\"@type\":\"WebSite\",\"@id\":\"https:\/\/artsfestival.vinaros.es\/es\/#website\",\"url\":\"https:\/\/artsfestival.vinaros.es\/es\/\",\"name\":\"Vinar\u00f2s Arts Festival\",\"description\":\"El festival de Vinar\u00f2s\",\"potentialAction\":[{\"@type\":\"SearchAction\",\"target\":{\"@type\":\"EntryPoint\",\"urlTemplate\":\"https:\/\/artsfestival.vinaros.es\/es\/?s={search_term_string}\"},\"query-input\":\"required name=search_term_string\"}],\"inLanguage\":\"es\"}]}<\/script>\n<!-- \/ Yoast SEO plugin. -->","yoast_head_json":{"title":"Pol\u00edtica de privacidad - Vinar\u00f2s Arts Festival","robots":{"index":"index","follow":"follow","max-snippet":"max-snippet:-1","max-image-preview":"max-image-preview:large","max-video-preview":"max-video-preview:-1"},"canonical":"https:\/\/artsfestival.vinaros.es\/es\/politica-de-privacidad\/","og_locale":"es_ES","og_type":"article","og_title":"Pol\u00edtica de privacidad - Vinar\u00f2s Arts Festival","og_description":"Pol\u00edtica de protecci\u00f3n de datos El Ayuntamiento de Vinar\u00f2s est\u00e1 especialmente sensibilizado con la protecci\u00f3n de [&hellip;]","og_url":"https:\/\/artsfestival.vinaros.es\/es\/politica-de-privacidad\/","og_site_name":"Vinar\u00f2s Arts Festival","article_modified_time":"2022-06-03T10:02:44+00:00","twitter_card":"summary_large_image","twitter_misc":{"Tiempo de lectura":"3 minutos"},"schema":{"@context":"https:\/\/schema.org","@graph":[{"@type":"WebPage","@id":"https:\/\/artsfestival.vinaros.es\/es\/politica-de-privacidad\/","url":"https:\/\/artsfestival.vinaros.es\/es\/politica-de-privacidad\/","name":"Pol\u00edtica de privacidad - Vinar\u00f2s Arts Festival","isPartOf":{"@id":"https:\/\/artsfestival.vinaros.es\/es\/#website"},"datePublished":"2022-05-22T09:57:49+00:00","dateModified":"2022-06-03T10:02:44+00:00","breadcrumb":{"@id":"https:\/\/artsfestival.vinaros.es\/es\/politica-de-privacidad\/#breadcrumb"},"inLanguage":"es","potentialAction":[{"@type":"ReadAction","target":["https:\/\/artsfestival.vinaros.es\/es\/politica-de-privacidad\/"]}]},{"@type":"BreadcrumbList","@id":"https:\/\/artsfestival.vinaros.es\/es\/politica-de-privacidad\/#breadcrumb","itemListElement":[{"@type":"ListItem","position":1,"name":"Inicio","item":"https:\/\/artsfestival.vinaros.es\/es\/"},{"@type":"ListItem","position":2,"name":"Pol\u00edtica de privacidad"}]},{"@type":"WebSite","@id":"https:\/\/artsfestival.vinaros.es\/es\/#website","url":"https:\/\/artsfestival.vinaros.es\/es\/","name":"Vinar\u00f2s Arts Festival","description":"El festival de Vinar\u00f2s","potentialAction":[{"@type":"SearchAction","target":{"@type":"EntryPoint","urlTemplate":"https:\/\/artsfestival.vinaros.es\/es\/?s={search_term_string}"},"query-input":"required name=search_term_string"}],"inLanguage":"es"}]}},"_links":{"self":[{"href":"https:\/\/artsfestival.vinaros.es\/es\/wp-json\/wp\/v2\/pages\/353"}],"collection":[{"href":"https:\/\/artsfestival.vinaros.es\/es\/wp-json\/wp\/v2\/pages"}],"about":[{"href":"https:\/\/artsfestival.vinaros.es\/es\/wp-json\/wp\/v2\/types\/page"}],"author":[{"embeddable":true,"href":"https:\/\/artsfestival.vinaros.es\/es\/wp-json\/wp\/v2\/users\/1"}],"replies":[{"embeddable":true,"href":"https:\/\/artsfestival.vinaros.es\/es\/wp-json\/wp\/v2\/comments?post=353"}],"version-history":[{"count":1,"href":"https:\/\/artsfestival.vinaros.es\/es\/wp-json\/wp\/v2\/pages\/353\/revisions"}],"predecessor-version":[{"id":354,"href":"https:\/\/artsfestival.vinaros.es\/es\/wp-json\/wp\/v2\/pages\/353\/revisions\/354"}],"wp:attachment":[{"href":"https:\/\/artsfestival.vinaros.es\/es\/wp-json\/wp\/v2\/media?parent=353"}],"curies":[{"name":"wp","href":"https:\/\/api.w.org\/{rel}","templated":true}]}}